{"id":2398,"date":"2019-05-11T12:20:59","date_gmt":"2019-05-11T10:20:59","guid":{"rendered":"https:\/\/www.lodesanalab.it\/?page_id=2398"},"modified":"2025-01-28T13:56:41","modified_gmt":"2025-01-28T12:56:41","slug":"intervista-allautore","status":"publish","type":"page","link":"https:\/\/www.lodesanalab.it\/index.php\/intervista-allautore\/","title":{"rendered":"Intervista all&#8217;autore"},"content":{"rendered":"\t\t<div data-elementor-type=\"wp-page\" data-elementor-id=\"2398\" class=\"elementor elementor-2398\">\n\t\t\t\t\t\t<section class=\"elementor-section elementor-top-section elementor-element elementor-element-4914523f elementor-section-full_width elementor-section-height-min-height elementor-section-height-default elementor-section-items-middle qodef-elementor-content-no\" data-id=\"4914523f\" data-element_type=\"section\" data-settings=\"{&quot;background_background&quot;:&quot;slideshow&quot;,&quot;background_slideshow_gallery&quot;:[],&quot;background_slideshow_loop&quot;:&quot;yes&quot;,&quot;background_slideshow_slide_duration&quot;:5000,&quot;background_slideshow_slide_transition&quot;:&quot;fade&quot;,&quot;background_slideshow_transition_duration&quot;:500}\">\n\t\t\t\t\t\t\t<div class=\"elementor-background-overlay\"><\/div>\n\t\t\t\t\t\t\t<div class=\"elementor-container elementor-column-gap-default\">\n\t\t\t\t\t<div class=\"elementor-column elementor-col-100 elementor-top-column elementor-element elementor-element-591b0073\" data-id=\"591b0073\" data-element_type=\"column\">\n\t\t\t<div class=\"elementor-widget-wrap\">\n\t\t\t\t\t\t\t<\/div>\n\t\t<\/div>\n\t\t\t\t\t<\/div>\n\t\t<\/section>\n\t\t\t\t<section class=\"elementor-section elementor-top-section elementor-element elementor-element-5d2c3c87 elementor-section-boxed elementor-section-height-default elementor-section-height-default qodef-elementor-content-no\" data-id=\"5d2c3c87\" data-element_type=\"section\" data-settings=\"{&quot;background_background&quot;:&quot;classic&quot;}\">\n\t\t\t\t\t\t<div class=\"elementor-container elementor-column-gap-default\">\n\t\t\t\t\t<div class=\"elementor-column elementor-col-100 elementor-top-column elementor-element elementor-element-435d2b2f\" data-id=\"435d2b2f\" data-element_type=\"column\">\n\t\t\t<div class=\"elementor-widget-wrap elementor-element-populated\">\n\t\t\t\t\t\t<div class=\"elementor-element elementor-element-5acd22ba elementor-widget elementor-widget-heading\" data-id=\"5acd22ba\" data-element_type=\"widget\" data-widget_type=\"heading.default\">\n\t\t\t\t<div class=\"elementor-widget-container\">\n\t\t\t\t\t<h1 class=\"elementor-heading-title elementor-size-default\">\" Mindfulness e Comunit\u00e0 Terapeutica Un modello orientato alle DBT Skills\"\nIntervista all'autore Marco Begarani<\/h1>\t\t\t\t<\/div>\n\t\t\t\t<\/div>\n\t\t\t\t\t<\/div>\n\t\t<\/div>\n\t\t\t\t\t<\/div>\n\t\t<\/section>\n\t\t\t\t<section class=\"elementor-section elementor-top-section elementor-element elementor-element-2273864e elementor-section-boxed elementor-section-height-default elementor-section-height-default qodef-elementor-content-no\" data-id=\"2273864e\" data-element_type=\"section\">\n\t\t\t\t\t\t<div class=\"elementor-container elementor-column-gap-default\">\n\t\t\t\t\t<div class=\"elementor-column elementor-col-100 elementor-top-column elementor-element elementor-element-5c4108aa\" data-id=\"5c4108aa\" data-element_type=\"column\">\n\t\t\t<div class=\"elementor-widget-wrap elementor-element-populated\">\n\t\t\t\t\t\t<div class=\"elementor-element elementor-element-19929ffa elementor-widget elementor-widget-spacer\" data-id=\"19929ffa\" data-element_type=\"widget\" data-widget_type=\"spacer.default\">\n\t\t\t\t<div class=\"elementor-widget-container\">\n\t\t\t\t\t\t\t<div class=\"elementor-spacer\">\n\t\t\t<div class=\"elementor-spacer-inner\"><\/div>\n\t\t<\/div>\n\t\t\t\t\t\t<\/div>\n\t\t\t\t<\/div>\n\t\t\t\t\t<\/div>\n\t\t<\/div>\n\t\t\t\t\t<\/div>\n\t\t<\/section>\n\t\t\t\t<section class=\"elementor-section elementor-top-section elementor-element elementor-element-34f556ef elementor-section-boxed elementor-section-height-default elementor-section-height-default qodef-elementor-content-no\" data-id=\"34f556ef\" data-element_type=\"section\">\n\t\t\t\t\t\t<div class=\"elementor-container elementor-column-gap-default\">\n\t\t\t\t\t<div class=\"elementor-column elementor-col-100 elementor-top-column elementor-element elementor-element-6a869696\" data-id=\"6a869696\" data-element_type=\"column\">\n\t\t\t<div class=\"elementor-widget-wrap elementor-element-populated\">\n\t\t\t\t\t\t<div class=\"elementor-element elementor-element-4df766ed elementor-widget elementor-widget-text-editor\" data-id=\"4df766ed\" data-element_type=\"widget\" data-widget_type=\"text-editor.default\">\n\t\t\t\t<div class=\"elementor-widget-container\">\n\t\t\t\t\t\t\t\t\t\n<p><strong>&#8221; Mindfulness e Comunit\u00e0 Terapeutica Un modello orientato alle DBT Skills&#8221;<\/strong><\/p>\n\n<p><em>Intervista all&#8217;autore Marco Begarani<\/em><\/p>\n<p>\u00a0<\/p>\n\n<p>\u00a0<\/p>\n\n<p><em><strong>&#8220;Mindfulness e Comunit\u00e0 Terapeutica. Un modello orientato alle DBT skills&#8221;. Come nasce questo testo?<\/strong><\/em><\/p>\n\n<p>Questo lavoro sintetizza l&#8217;esito di una sfida, quella di confrontarsi come Comunit\u00e0 Terapeutica con il cambiamento nel trattamento delle dipendenze patologiche. Le dipendenze infatti sono un fenomeno culturale che varia nel tempo andando di pari passo con le caratteristiche della societ\u00e0 di un dato periodo storico.<\/p>\n\n<p>Questo testo, un vero e proprio manuale, \u00e8 il frutto dell&#8217;esperienza e dello studio del gruppo di professionisti che da anni coordino nella Comunit\u00e0 Terapeutica Casa di Lodesana a Fidenza in provincia di Parma, della sistematica collaborazione con i Servizi del nostro territorio, in particolare i Ser.T., e del percorso promosso in questi anni dalla nostra Regione Emilia Romagna.<\/p>\n\n<p><em><strong>Ma oggi la Comunit\u00e0 Terapeutica \u00e8 ancora uno strumento all&#8217;altezza dei tempi per il trattamento delle dipendenze patologiche?<\/strong><\/em><\/p>\n\n<p>Questo lavoro rappresenta esattamente il tentativo di rispondere a questa domanda.<\/p>\n\n<p>Negli anni &#8217;70-80 nascono in Italia le Comunit\u00e0 Terapeutiche e spesso rappresentano agli occhi dell&#8217;opinione pubblica l\u2019unica via possibile per il tossicodipendente per uscire dal \u201ctunnel della droga\u201d.<\/p>\n\n<p>Al termine degli anni ottanta il sitema dei Servizi e l\u2019intera societ\u00e0 occidentale assistono impreparati all\u2019affermarsi di quella che verr\u00e0 considerata la pi\u00f9 grave malattia droga-correlata: l\u2019Aids, la sindrome dell\u2019immunodeficienza acquisita.<\/p>\n\n<p>Quindi dagli anni &#8217;90 la societ\u00e0 \u00e8 attraversata dai profondi cambiamenti della postmodernit\u00e0 o modernit\u00e0 liquida. Sono cambiamenti che si riflettono sul sistema di welfare con la transizione dal welfare state ad una situazione di welfare mix.<\/p>\n\n<p>Negli stessi anni assistiamo a modificazioni importanti nel consumo di sostanze e nelle dipendenze patologiche con la diffusione del consumo di cocaina, dell&#8217;ecstasy, la compresenza di vecchie e nuove droghe, la comparsa di nuovi stili di consumo e delle dipendenze comportamentali quali il gioco d&#8217;azzardo patologico e le dipendenze tecnologiche.<\/p>\n\n<p>Nel frattempo le Comunit\u00e0 Terapeutiche per continuare a confrontarsi con il Servizio pubblico e restare all&#8217;interno di un sistema integrato devono acquisire i requisiti definiti dal processo di accreditamento a garanzia della qualit\u00e0 del trattamento.<\/p>\n\n<p>Infatti la comprensione pi\u00f9 approfondita della dipendenza patologica come disturbo mentale con diversi livelli di gravit\u00e0, nei casi complessi spesso associato ad altri quadri clinici come i disturbi della personalit\u00e0, rende sempre pi\u00f9 evidente:<\/p>\n\n<ul>\n<li>la necessit\u00e0 di un trattamento portato avanti da figure diverse con una specifica preparazione professionale<\/li>\n<li>l&#8217;esigenza di valutare gli esiti della terapia in modo pi\u00f9 appropriato nella prospettiva del miglioramento della qualit\u00e0 di vita superando una logica dipendenza versus restitutio ad integrum che in passato operava secondo una rigida modalit\u00e0 on\/off.<\/li>\n<li>e per una serie di ragioni analizzate nel testo, la necessit\u00e0 di riconoscere che si assiste contemporaneamente anche a quello che \u00e8 stato definito &#8220;il declino del mito salvifico della comunit\u00e0 terapeutica&#8221; nell&#8217;immaginario collettivo.<\/li>\n<\/ul>\n\n<p><em><strong>Questo significa il declino della Comunit\u00e0 Terapeutica?<\/strong><\/em><\/p>\n\n<p>A nostro avviso assolutamente no se per\u00f2 questa \u00e8 l&#8217;occasione per evidenziare le specificit\u00e0, i limiti e la qualit\u00e0 del trattamento di Comunit\u00e0 basato sul gruppo oltre le semplificazioni prima evidenziate attraverso quindi il confrontarsi con la complessit\u00e0 della patologia, la sua tendenza recidivante e con i grandi cambiamenti avvenuti dagli anni &#8217;80, quando si diffondono le Comunit\u00e0 Terapeutiche come la nostra fondata nel 1983, ad oggi.<\/p>\n\n<p><em><strong>Quale modello di Comunit\u00e0 Terapeutica allora?<\/strong><\/em><\/p>\n\n<p>Il cambiamento penso richieda la transizione da un modello trattamentale lineare e concentrato nella Comunit\u00e0 Terapeutica ad un paradigma reticolare, diffuso, multicentrico in una prospettiva di stepped care e con un orientamento al recovery.<\/p>\n\n<p>Si tratta di un modello complesso e specialistico che ritiene che la specializzazione debba essere declinata non solo nel senso categoriale di strutture dedicate al trattamento di porzioni specifiche della popolazione con dipendenze patologiche (doppia diagnosi, madre e bambino&#8230;) ma nel senso di una specializzazione concepita come sistemi ad alta integrazione e flessibilit\u00e0 con livelli variabili di protezione.<\/p>\n\n<p><em><strong>Mi puoi descrivere in sintesi le caratteristiche di questo modello?<\/strong><\/em><\/p>\n\n<p>Abbiamo preso a riferimento 3 approcci validati come la DBT (terapia dialettico-comportamentale), l&#8217;MBT (terapia basata sulla mentalizzazione) e la TFC (terapia focalizzata sulla compassione), ma non solo, elaborandoli ed adattandoli nella prospettiva di un nuovo modello integrato per l&#8217;intervento psicoeducativo da implementare nella Comunit\u00e0 Terapeutica in grado di rispondere alle nuove configurazioni delle dipendenze patologiche anche quando queste si trovano associate a disturbi gravi della personalit\u00e0.<\/p>\n\n<p>Abbiamo lavorato a partire da questi modelli non solo per il loro riconoscimento da parte della comunit\u00e0 scientifica internazionale e dopo l&#8217;approfondimento della letteratura ma anche dopo la partecipazione a percorsi formativi con Marsha Linehan e con Paul Gilbert che hanno elaborato rispettivamente la DBT e la TFC.<\/p>\n\n<p><em><strong>Perch\u00e8 avete ritenuto cos\u00ec importante definire ed esplicitare il vostro modello?<\/strong><\/em><\/p>\n\n<p>Definire ed esplicitare il modello favorisce una coerenza dell&#8217;intervento del team terapeutico, una ricerca che lo possa validare, un confronto con altri modelli ed una sua trasmissibilit\u00e0.<\/p>\n\n<p>Inoltre se oggi nelle Comunit\u00e0 Terapeutiche \u00e8 obbligatoria la presenza di numerosi professionisti, di protocolli e procedure per essere accreditati non \u00e8 per\u00f2 per nulla scontata l&#8217;esplicitazione e la condivisione di un modello di intervento con il rischio di una babele di linguaggi, modelli e riferimenti.<\/p>\n\n<p>Il testo inoltre, descrivendo in modo dettagliato il percorso terapeutico (gli obiettivi, le strategie e gli strumenti dell&#8217;intervento psicoeducativo) vuole essere un&#8217;azione di trasparenza nei confronti dei professionisti dei Servizi invianti, degli ospiti e dei loro familiari e di ogni cittadino che vuole conoscere la nostra Comunit\u00e0.<\/p>\n\n<p>Infatti non potendo rendere pubblici, per ovvi motivi di privacy, i momenti fondamentali del lavoro terapeutico come le \u00e9quipe e le supervisioni settimanali sui casi ed all&#8217;\u00e9quipe abbiamo voluto cercare di rendere pi\u00f9 comprensibile la complessit\u00e0 e la ricchezza del lavoro terapeutico e la risorsa che io ritengo possa rappresentare per un territorio la presenza di una Comunit\u00e0 Terapeutica.<\/p>\n\n<p><em><strong>Quindi si tratta di un vero e proprio manuale?<\/strong><\/em><\/p>\n\n<p>S\u00ec esattamente. Dopo un excursus storico a partire dal quale viene illustrato il paradigma di Comunit\u00e0 strutturato su diversi livelli di intensit\u00e0 terapeutica si passa ad un descrizione dettagliata del modello integrato e trasversale con la presentazione degli obiettivi, delle strategie e degli strumenti dell&#8217;intervento psicoeducativo. Viene anche presentato il lavoro proposto alle famiglie acquisite o di origine, quando presenti, considerate una risorsa fondamentale del percorso terapeutico. Nel testo si trovano inoltre tutte le schede che abbiamo elaborato e sperimentato in questi anni.<\/p>\n\n<p><em><strong>Il lavoro si conclude con un&#8217;introduzione esperienziale al modello per gli operatori dell&#8217;\u00e9quipe multidisciplinare. Perch\u00e8?<\/strong><\/em><\/p>\n\n<p>L&#8217;idea nasce dall&#8217;esigenza di un&#8217;introduzione al modello non solo teorica ma esperienziale che considerasse non solo la dimensione cognitiva ma anche quella emotiva.<\/p>\n\n<p>Infatti l&#8217;operatore e l&#8217;\u00e9quipe nella relazione con persone con disturbi gravi della personalit\u00e0 sono inevitabilmente sottoposti a significativi carichi emotivi.<\/p>\n\n<p>Nello stesso tempo anni di esperienza ci hanno fatto constatare come spesso le formazioni accademiche si concentrano prevalentemente sulla dimensione cognitiva e non sempre preparano il professionista nell&#8217;ambito psicoeducativo sul piano emotivo. La collocazione di questo testo come prima pubblicazione della collana &#8220;Scie&#8221; dell&#8217;Istituto di Scienze Psicopedagogiche e Sociali &#8220;Progetto Uomo&#8221; (IPU) affiliato alla Facolt\u00e0 di Scienze dell&#8217;Educazione dell&#8217;Universita Pontificia Salesiana di Roma e l&#8217;introduzione del Professor Mario Dondi ci fanno d&#8217;altro canto cogliere anche la sensibilit\u00e0 a questi aspetti nel mondo accademico.<\/p>\n\n<p><em><strong>Cosa significa orientato alle DBT skills?<\/strong><\/em><\/p>\n\n<p>La DBT \u00e9 una terapia cognitivo comportamentale di terza generazione mindfulness based che presenta a mio avviso una serie di elementi di estremo interesse per un setting come quello della Comunit\u00e0 Terapeutica. Innanzitutto la formazione al modello di un team a cui possono appartenere diverse figure professionali elemento fondamentale per evitare la confusione di linguaggi, modelli e riferimenti di cui parlavo prima.<\/p>\n\n<p>Altra peculiarit\u00e0 della DBT \u00e8 la forte componente psicoeducativa condensata nelle DBT skills. Le skills sono articolate in 4 set di abilit\u00e0: mindfulness, regolazione emotiva, efficacia inerpersonale e tolleranza della sofferenza. Devono essere acquisite innanzitutto dagli operatori, perch\u00e8 i principi del comportamento sono universali, e vengono insegnate come alfabeto fondamentale del trattamento.<\/p>\n\n<p>Orientamento della Comunit\u00e0 alle DBT skills significa che oltre all&#8217;inserimento del gruppo di skills training DBT si organizza tutto l&#8217;impianto psicoeducativo della CT a partire dalle skills DBT. Significa che le skills DBT costituiscono il modello di riferimento per l&#8217;intervento psicoeducativo, impregnano tutto il setting della CT e non sono solo l&#8217;aggiunta di un gruppo particolare di competenza di qualche operatore.<\/p>\n\n<p><em><strong>Cos&#8217;\u00e8 la mindfulness e cosa c&#8217;entra con la Comunit\u00e0 Terapeutica?<\/strong><\/em><\/p>\n\n<p>Con mindfulness si intende il prestare attenzione in un particolare modo: con intenzione, nel momento presente, in modo non giudicante, con curiosit\u00e0 ed amorevolezza.<\/p>\n\n<p>Mindfulness \u00e8 un concetto antico.<\/p>\n\n<p>Espressioni di mindfulness si possono trovare nelle tradizioni contemplative di molte tradizioni spirituali.<\/p>\n\n<p>Fondamentale \u00e8 per\u00f2 il fatto che numerose ricerche condotte dalla psicologia occidentale hanno prodotto importanti evidenze scientifiche a supporto del fatto che praticare la mindfulness migliora la qualit\u00e0 della vita.<\/p>\n\n<p>La pratica della mindfulness aumenta la capacit\u00e0 di gestire lo stress rafforzando cos\u00ec il funzionamento generale del corpo e della mente.<\/p>\n\n<p>Il sito PubMed (l\u2019archivio universale degli studi in campo biomedico) ha cominciato a censire i lavori sulla mindfulness a partire dal 1973 e negli ultimi anni le pubblicazioni scientifiche sono aumentate in modo esponenziale.<\/p>\n\n<p>Tali pubblicazioni hanno ben evidenziato i numerosi benefici che tale pratica apporta.<\/p>\n\n<p>La mindfulness caratterizza la cosiddetta terza generazione degli approcci cognitivo comportamentali, i cosiddetti modelli mindfulness based quali MBSR (mindfulness based stress reduction), MBCT (minfulness based cognitive therapy), DBT (dialectical behavior therapy), ACT (acceptance and commitment therapy), MBRP (mindfulness base relapse prevention), CFT (compassion focused therapy) per citare i principali.<\/p>\n\n<p>Essendo quindi la mindfulness una componente essenziale di numerosi ed importanti approcci terapeutici ritengo che anche nella Comunit\u00e0 Terapeutica la mindfulness debba essere considerata, come sottolinea la DBT, un&#8217;abilit\u00e0 nucleare.<\/p>\n\n<p><em><strong>Puoi dirci qualcosa di pi\u00f9 a riguardo di mindfulness, modelli terapeutici, scienza, tradizioni spirituali e Comunit\u00e0 Terapeutica?<\/strong><\/em><\/p>\n\n<p>La nostra come molte Comunit\u00e0 Terapeutiche ha le sue radici in nella tradizione cristiana.<\/p>\n\n<p>In Italia molte Comunit\u00e0 Terapeutiche sono sorte in contesti con forti riferimenti alla spiritualit\u00e0 e sono state fondate da leader carismatici spesso appartenenti a congregazioni religiose.<\/p>\n\n<p>Oggi invece i riferimenti alla spiritualit\u00e0 sono sempre pi\u00f9 sfumati lasciando il posto alle competenze educative e psicologiche.<\/p>\n\n<p>L&#8217;aver sviluppato un modello mindfulness based \u00e8 stato anche il tentativo di recuperare, in una nuova prospettiva, la dimensione spirituale.<\/p>\n\n<p>Una spiritualit\u00e0, quella che \u00e8 alle radici delle pratiche di mindfulness (che non sono state inventate dalla psicologia), in grado di dialogare con le scienze umane e che si colloca in<\/p>\n\n<p>un contesto religioso pluralista.<\/p>\n\n<p>A mio avviso la mindfulness \u00e8 una preziosa possibilit\u00e0 per riscoprire un dialogo con le grandi tradizioni spirituali. Innanzitutto con quella cristiana soprattutto nella sua tradizione mistica, ma anche con una filosofia intesa come modo di vivere (P. Hadot), con il cosiddetto ateismo mistico e con le grandi tradizioni dell&#8217;oriente.<\/p>\n\n<p>I modelli terapeutici di riferimento da noi scelti, in particolare la DBT e la TFC, sono stati elaborati in forte dialogo con la scienza, la ricerca scientifica, gli approcci evoluzionisti delle neuroscienze, il cognitivismo evoluzionistico e d&#8217;altra parte con la filosofia e le grandi tradizioni spirituali occidentali ed orientali.<\/p>\n\n<p>Sottolineo a modo di esempio come la dialettica nella DBT rappresenti una visione del mondo con precisi riferimenti alla tradizione filosofica occidentale e la TFC si ponga ne solco della ricerca e dei modelli di tipo evoluzionistico.<\/p>\n\n<p>Si tratta di modelli nati e fondati nell&#8217;incontro dialettico tra varie figure, professioni, discipline. Un aspetto in sintonia con la mia formazione che ha attraversato la biologia, le scienze umane e sociali, la teologia e la spiritualit\u00e0.<\/p>\n\n<p><em><strong>Oltre ad essere un manuale per il trattamento individuale il testo mantiene sempre un&#8217;attenzione alla dimensione sociale. Perch\u00e8?<\/strong><\/em><\/p>\n\n<p>Perch\u00e8 le figure della clinica variano in relazione alle caratteristiche della societ\u00e0, dipendenze comprese. Perch\u00e8 i disturbi mentali pi\u00f9 diffusi in una societ\u00e0 sono anche un sintomo del disagio della societ\u00e0.<\/p>\n\n<p>Il testo vuole essere un&#8217;occasione per far crescere nella societ\u00e0 una maggiore consapevolezza nei confronti della sofferenza mentale, in particolare quella delle dipendenze patologiche e dei disturbi gravi della personalit\u00e0, e di cosa significa e comporta il prendersene cura.<\/p>\n\n<p>Si tratta di una forma di sofferenza che spesso si diffonde alla famiglia ed alle relazioni. Le patologie della mente sono pi\u00f9 difficili da riconoscere e comprendere di quella fisiche ed altrettanto si pu\u00f2 dire del significato e della valore della loro cura.<\/p>\n\n<p>Includere come societ\u00e0 la fragilit\u00e0, in modo riflessivo e non sprovveduto, ma nell&#8217;umilt\u00e0 del confronto con quello che le scienze, la ricerca e le grandi tradizioni ci insegnano pu\u00f2 essere un&#8217;opportunit\u00e0 per scoprire la nostra forza individuale e sociale. Pu\u00f2 aiutarci a comprendere che l&#8217;inclusione \u00e8 un&#8217;occasione per costruire la salute e il benessere delle persone e dei nostri territori e non solo una minaccia.<\/p>\n\n<p><em><strong>Quali i prossimi obiettivi?<\/strong><\/em><\/p>\n\n<p>Come ha scritto nella prefazione del testo il Prof. Cesare Maffei Ordinario di Psicologia Clinica Universit\u00e0 Vita-Salute San Raffaele e Presidente della Societ\u00e0 Italiana per Dialectical Behavior Therapy (SIDBT) il fatto che il trattamento qui presentato sia altamente formalizzato, e che quindi la sua messa in pratica sia controllabile e non inferibile, fornisce un buono strumento su cui fare ricerca in linea con quanto avviene a livello internazionale e, purtroppo raramente nel nostro Paese, spesso troppo attaccato a paradigmi tradizionali indimostrabili.<\/p>\n\n<p>Inoltre l&#8217;implementation, cio\u00e8 il tradurre ci\u00f2 che viene dalla ricerca sulle psicoterapie nel terreno reale nella prassi clinica dei contesti specifici come ad esempio la Comunit\u00e0 Terapeutica, \u00e8 una delle priorit\u00e0 del network operativo europeo della DBT.<\/p>\n\n<p>Il confronto con i modelli terapeutici in particolare quelli pi\u00f9 validati, la ricerca scientifica e il dialogo con le tradizioni spirituali e filosofiche a partire dalla conoscenza delle nostre penso continueranno a costituire degli obiettivi per i prossimi anni.<\/p>\n\n<p>L&#8217;obiettivo cio\u00e8 di mantenersi in un processo dialettico oltre la chiusura autoreferenziale mantenendo la caratteristica stabile di sistema aperto al cambiamento come tutti i sistemi viventi che conosciamo per essere portatori di una Tradizione che \u201cnon \u00e8 adorazione delle ceneri ma custodia e trasmissione del fuoco\u201d.<\/p>\n\n<p>M. Begarani, <em>Mindfulness e Comunit\u00e0 Terapeutica. Un modello orientato alle DBT Skills, <\/em>Universitas Studiorum Collana &#8220;Scie&#8221;, Mantova 2016<\/p>\n\n<p><strong>Marco Begarani <\/strong>\u00e8 Presidente della Fondazione Casa di Lodesana &#8211; Don Enrico Tincati ETS, Comunit\u00e0 Terapeutica Casa di Lodesana, laureato in scienze biologiche, perfezionamento universitario in direzione e coordinamento di strutture socio sanitarie, si \u00e8 laureato presso l&#8217;Istituto Superiore di Scienze Psicopedagogiche e Sociali dell&#8217;Universit\u00e0 Salesiana dove \u00e8 collaboratore di ricerca. Attualmente \u00e8 membro del comitato direttivo della Societ\u00e0 Italiana per Dialectical Behavior Therapy (SIDBT)<\/p>\n\n<p>Sito e pagina Facebook: LodesanaLab<\/p>\n\t\t\t\t\t\t\t\t<\/div>\n\t\t\t\t<\/div>\n\t\t\t\t\t<\/div>\n\t\t<\/div>\n\t\t\t\t\t<\/div>\n\t\t<\/section>\n\t\t\t\t<section class=\"elementor-section elementor-top-section elementor-element elementor-element-53a2451b elementor-section-boxed elementor-section-height-default elementor-section-height-default qodef-elementor-content-no\" data-id=\"53a2451b\" data-element_type=\"section\">\n\t\t\t\t\t\t<div class=\"elementor-container elementor-column-gap-default\">\n\t\t\t\t\t<div class=\"elementor-column elementor-col-100 elementor-top-column elementor-element elementor-element-59c0e06c\" data-id=\"59c0e06c\" data-element_type=\"column\">\n\t\t\t<div class=\"elementor-widget-wrap elementor-element-populated\">\n\t\t\t\t\t\t<div class=\"elementor-element elementor-element-5da4704e elementor-widget elementor-widget-spacer\" data-id=\"5da4704e\" data-element_type=\"widget\" data-widget_type=\"spacer.default\">\n\t\t\t\t<div class=\"elementor-widget-container\">\n\t\t\t\t\t\t\t<div class=\"elementor-spacer\">\n\t\t\t<div class=\"elementor-spacer-inner\"><\/div>\n\t\t<\/div>\n\t\t\t\t\t\t<\/div>\n\t\t\t\t<\/div>\n\t\t\t\t\t<\/div>\n\t\t<\/div>\n\t\t\t\t\t<\/div>\n\t\t<\/section>\n\t\t\t\t<\/div>\n\t\t","protected":false},"excerpt":{"rendered":"<p>&#8221; Mindfulness e Comunit\u00e0 Terapeutica Un modello orientato alle DBT Skills&#8221; Intervista all&#8217;autore Marco Begarani &#8221; Mindfulness e Comunit\u00e0 Terapeutica Un modello orientato alle DBT Skills&#8221; Intervista all&#8217;autore Marco Begarani \u00a0 \u00a0 &#8220;Mindfulness e Comunit\u00e0 Terapeutica. Un modello orientato alle DBT skills&#8221;. Come nasce questo testo? Questo lavoro sintetizza l&#8217;esito di una sfida, quella di [&hellip;]<\/p>\n","protected":false},"author":3,"featured_media":0,"parent":0,"menu_order":0,"comment_status":"closed","ping_status":"closed","template":"elementor_header_footer","meta":{"footnotes":""},"yoast_head":"<!-- This site is optimized with the Yoast SEO plugin v23.3 - https:\/\/yoast.com\/wordpress\/plugins\/seo\/ -->\n<title>Intervista all&#039;autore - Lodesana Lab<\/title>\n<meta name=\"robots\" content=\"index, follow, max-snippet:-1, max-image-preview:large, max-video-preview:-1\" \/>\n<link rel=\"canonical\" href=\"https:\/\/www.lodesanalab.it\/index.php\/intervista-allautore\/\" \/>\n<meta property=\"og:locale\" content=\"it_IT\" \/>\n<meta property=\"og:type\" content=\"article\" \/>\n<meta property=\"og:title\" content=\"Intervista all&#039;autore - Lodesana Lab\" \/>\n<meta property=\"og:description\" content=\"&#8221; Mindfulness e Comunit\u00e0 Terapeutica Un modello orientato alle DBT Skills&#8221; Intervista all&#8217;autore Marco Begarani &#8221; Mindfulness e Comunit\u00e0 Terapeutica Un modello orientato alle DBT Skills&#8221; Intervista all&#8217;autore Marco Begarani \u00a0 \u00a0 &#8220;Mindfulness e Comunit\u00e0 Terapeutica. Un modello orientato alle DBT skills&#8221;. Come nasce questo testo? Questo lavoro sintetizza l&#8217;esito di una sfida, quella di [&hellip;]\" \/>\n<meta property=\"og:url\" content=\"https:\/\/www.lodesanalab.it\/index.php\/intervista-allautore\/\" \/>\n<meta property=\"og:site_name\" content=\"Lodesana Lab\" \/>\n<meta property=\"article:publisher\" content=\"https:\/\/www.facebook.com\/lodesanalab\/\" \/>\n<meta property=\"article:modified_time\" content=\"2025-01-28T12:56:41+00:00\" \/>\n<meta name=\"twitter:card\" content=\"summary_large_image\" \/>\n<meta name=\"twitter:label1\" content=\"Tempo di lettura stimato\" \/>\n\t<meta name=\"twitter:data1\" content=\"13 minuti\" \/>\n<script type=\"application\/ld+json\" class=\"yoast-schema-graph\">{\"@context\":\"https:\/\/schema.org\",\"@graph\":[{\"@type\":\"WebPage\",\"@id\":\"https:\/\/www.lodesanalab.it\/index.php\/intervista-allautore\/\",\"url\":\"https:\/\/www.lodesanalab.it\/index.php\/intervista-allautore\/\",\"name\":\"Intervista all'autore - Lodesana Lab\",\"isPartOf\":{\"@id\":\"https:\/\/www.lodesanalab.it\/#website\"},\"datePublished\":\"2019-05-11T10:20:59+00:00\",\"dateModified\":\"2025-01-28T12:56:41+00:00\",\"breadcrumb\":{\"@id\":\"https:\/\/www.lodesanalab.it\/index.php\/intervista-allautore\/#breadcrumb\"},\"inLanguage\":\"it-IT\",\"potentialAction\":[{\"@type\":\"ReadAction\",\"target\":[\"https:\/\/www.lodesanalab.it\/index.php\/intervista-allautore\/\"]}]},{\"@type\":\"BreadcrumbList\",\"@id\":\"https:\/\/www.lodesanalab.it\/index.php\/intervista-allautore\/#breadcrumb\",\"itemListElement\":[{\"@type\":\"ListItem\",\"position\":1,\"name\":\"Home\",\"item\":\"https:\/\/www.lodesanalab.it\/\"},{\"@type\":\"ListItem\",\"position\":2,\"name\":\"Intervista all&#8217;autore\"}]},{\"@type\":\"WebSite\",\"@id\":\"https:\/\/www.lodesanalab.it\/#website\",\"url\":\"https:\/\/www.lodesanalab.it\/\",\"name\":\"Lodesana Lab\",\"description\":\"\",\"publisher\":{\"@id\":\"https:\/\/www.lodesanalab.it\/#organization\"},\"potentialAction\":[{\"@type\":\"SearchAction\",\"target\":{\"@type\":\"EntryPoint\",\"urlTemplate\":\"https:\/\/www.lodesanalab.it\/?s={search_term_string}\"},\"query-input\":\"required name=search_term_string\"}],\"inLanguage\":\"it-IT\"},{\"@type\":\"Organization\",\"@id\":\"https:\/\/www.lodesanalab.it\/#organization\",\"name\":\"Lodesana Lab\",\"url\":\"https:\/\/www.lodesanalab.it\/\",\"logo\":{\"@type\":\"ImageObject\",\"inLanguage\":\"it-IT\",\"@id\":\"https:\/\/www.lodesanalab.it\/#\/schema\/logo\/image\/\",\"url\":\"https:\/\/www.lodesanalab.it\/wp-content\/uploads\/2024\/01\/logo.png\",\"contentUrl\":\"https:\/\/www.lodesanalab.it\/wp-content\/uploads\/2024\/01\/logo.png\",\"width\":192,\"height\":192,\"caption\":\"Lodesana Lab\"},\"image\":{\"@id\":\"https:\/\/www.lodesanalab.it\/#\/schema\/logo\/image\/\"},\"sameAs\":[\"https:\/\/www.facebook.com\/lodesanalab\/\",\"https:\/\/youtube.com\/@lodesanalab1925?feature=shared\"]}]}<\/script>\n<!-- \/ Yoast SEO plugin. -->","yoast_head_json":{"title":"Intervista all'autore - Lodesana Lab","robots":{"index":"index","follow":"follow","max-snippet":"max-snippet:-1","max-image-preview":"max-image-preview:large","max-video-preview":"max-video-preview:-1"},"canonical":"https:\/\/www.lodesanalab.it\/index.php\/intervista-allautore\/","og_locale":"it_IT","og_type":"article","og_title":"Intervista all'autore - Lodesana Lab","og_description":"&#8221; Mindfulness e Comunit\u00e0 Terapeutica Un modello orientato alle DBT Skills&#8221; Intervista all&#8217;autore Marco Begarani &#8221; Mindfulness e Comunit\u00e0 Terapeutica Un modello orientato alle DBT Skills&#8221; Intervista all&#8217;autore Marco Begarani \u00a0 \u00a0 &#8220;Mindfulness e Comunit\u00e0 Terapeutica. Un modello orientato alle DBT skills&#8221;. Come nasce questo testo? Questo lavoro sintetizza l&#8217;esito di una sfida, quella di [&hellip;]","og_url":"https:\/\/www.lodesanalab.it\/index.php\/intervista-allautore\/","og_site_name":"Lodesana Lab","article_publisher":"https:\/\/www.facebook.com\/lodesanalab\/","article_modified_time":"2025-01-28T12:56:41+00:00","twitter_card":"summary_large_image","twitter_misc":{"Tempo di lettura stimato":"13 minuti"},"schema":{"@context":"https:\/\/schema.org","@graph":[{"@type":"WebPage","@id":"https:\/\/www.lodesanalab.it\/index.php\/intervista-allautore\/","url":"https:\/\/www.lodesanalab.it\/index.php\/intervista-allautore\/","name":"Intervista all'autore - Lodesana Lab","isPartOf":{"@id":"https:\/\/www.lodesanalab.it\/#website"},"datePublished":"2019-05-11T10:20:59+00:00","dateModified":"2025-01-28T12:56:41+00:00","breadcrumb":{"@id":"https:\/\/www.lodesanalab.it\/index.php\/intervista-allautore\/#breadcrumb"},"inLanguage":"it-IT","potentialAction":[{"@type":"ReadAction","target":["https:\/\/www.lodesanalab.it\/index.php\/intervista-allautore\/"]}]},{"@type":"BreadcrumbList","@id":"https:\/\/www.lodesanalab.it\/index.php\/intervista-allautore\/#breadcrumb","itemListElement":[{"@type":"ListItem","position":1,"name":"Home","item":"https:\/\/www.lodesanalab.it\/"},{"@type":"ListItem","position":2,"name":"Intervista all&#8217;autore"}]},{"@type":"WebSite","@id":"https:\/\/www.lodesanalab.it\/#website","url":"https:\/\/www.lodesanalab.it\/","name":"Lodesana Lab","description":"","publisher":{"@id":"https:\/\/www.lodesanalab.it\/#organization"},"potentialAction":[{"@type":"SearchAction","target":{"@type":"EntryPoint","urlTemplate":"https:\/\/www.lodesanalab.it\/?s={search_term_string}"},"query-input":"required name=search_term_string"}],"inLanguage":"it-IT"},{"@type":"Organization","@id":"https:\/\/www.lodesanalab.it\/#organization","name":"Lodesana Lab","url":"https:\/\/www.lodesanalab.it\/","logo":{"@type":"ImageObject","inLanguage":"it-IT","@id":"https:\/\/www.lodesanalab.it\/#\/schema\/logo\/image\/","url":"https:\/\/www.lodesanalab.it\/wp-content\/uploads\/2024\/01\/logo.png","contentUrl":"https:\/\/www.lodesanalab.it\/wp-content\/uploads\/2024\/01\/logo.png","width":192,"height":192,"caption":"Lodesana Lab"},"image":{"@id":"https:\/\/www.lodesanalab.it\/#\/schema\/logo\/image\/"},"sameAs":["https:\/\/www.facebook.com\/lodesanalab\/","https:\/\/youtube.com\/@lodesanalab1925?feature=shared"]}]}},"_links":{"self":[{"href":"https:\/\/www.lodesanalab.it\/index.php\/wp-json\/wp\/v2\/pages\/2398"}],"collection":[{"href":"https:\/\/www.lodesanalab.it\/index.php\/wp-json\/wp\/v2\/pages"}],"about":[{"href":"https:\/\/www.lodesanalab.it\/index.php\/wp-json\/wp\/v2\/types\/page"}],"author":[{"embeddable":true,"href":"https:\/\/www.lodesanalab.it\/index.php\/wp-json\/wp\/v2\/users\/3"}],"replies":[{"embeddable":true,"href":"https:\/\/www.lodesanalab.it\/index.php\/wp-json\/wp\/v2\/comments?post=2398"}],"version-history":[{"count":11,"href":"https:\/\/www.lodesanalab.it\/index.php\/wp-json\/wp\/v2\/pages\/2398\/revisions"}],"predecessor-version":[{"id":3960,"href":"https:\/\/www.lodesanalab.it\/index.php\/wp-json\/wp\/v2\/pages\/2398\/revisions\/3960"}],"wp:attachment":[{"href":"https:\/\/www.lodesanalab.it\/index.php\/wp-json\/wp\/v2\/media?parent=2398"}],"curies":[{"name":"wp","href":"https:\/\/api.w.org\/{rel}","templated":true}]}}